{"id":45,"date":"2025-01-09T07:15:52","date_gmt":"2025-01-09T07:15:52","guid":{"rendered":"https:\/\/infoextranjeriazaragoza.es\/?page_id=45"},"modified":"2025-12-17T12:43:06","modified_gmt":"2025-12-17T12:43:06","slug":"reagrupacion","status":"publish","type":"page","link":"https:\/\/infoextranjeriazaragoza.es\/index.php\/reagrupacion\/","title":{"rendered":"Reagrupaci\u00f3n"},"content":{"rendered":"\n<h1 class=\"wp-block-heading has-text-align-center has-accent-color has-text-color has-link-color wp-elements-0e207652fbd35954e9812082ef4f3dee\">Reagrupaci\u00f3n familiar<\/h1>\n\n\n\n<h2 class=\"wp-block-heading has-text-align-center has-accent-color has-text-color has-link-color has-medium-font-size wp-elements-1a6a158d5467f4e44672edf052dab719\">Permiso de residencia para nuestros hijos<\/h2>\n\n\n\n<p>Al dar el paso de dejar tu pa\u00eds, siempre pensaste en volver a reunirte con tu familia. Ha llegado el momento de solicitar tu reagrupaci\u00f3n familiar. Dependiendo de tu situaci\u00f3n podr\u00e1s solicitar la reagrupaci\u00f3n familiar para el c\u00f3nyuge, hijos, padres o pareja.<\/p>\n\n\n\n<p><br>Las principales preguntas que nos hac\u00e9is cuando nos reunimos cara a cara, suelen ser sobre si todo el mundo puede optar a la reagrupaci\u00f3n familiar, si necesit\u00e1is medios econ\u00f3micos para traer a los familiares a Espa\u00f1a, los requisitos para la misma, <strong><a href=\"https:\/\/infoextranjeriazaragoza.es\/index.php\/residencia\/\" target=\"_blank\" rel=\"noreferrer noopener\">c\u00f3mo conseguir el&nbsp;permiso de residencia<\/a><\/strong> para nuestros hijos\u2026 Son preguntas que nos surgen al tener que iniciar los tr\u00e1mites, y darnos cuenta de que no sab\u00edamos que tendr\u00edamos que realizarlos.<\/p>\n\n\n\n<div class=\"wp-block-columns is-layout-flex wp-container-core-columns-is-layout-9d6595d7 wp-block-columns-is-layout-flex\">\n<div class=\"wp-block-column is-layout-flow wp-block-column-is-layout-flow\">\n<figure class=\"wp-block-image size-full\"><img loading=\"lazy\" decoding=\"async\" width=\"640\" height=\"426\" src=\"https:\/\/infoextranjeriazaragoza.es\/wp-content\/uploads\/2025\/01\/reagrupacion-familiar-espana-1.png\" alt=\"Reagrupaci\u00f3n familiar\" class=\"wp-image-115\" srcset=\"https:\/\/infoextranjeriazaragoza.es\/wp-content\/uploads\/2025\/01\/reagrupacion-familiar-espana-1.png 640w, https:\/\/infoextranjeriazaragoza.es\/wp-content\/uploads\/2025\/01\/reagrupacion-familiar-espana-1-300x200.png 300w\" sizes=\"auto, (max-width: 640px) 100vw, 640px\" \/><\/figure>\n<\/div>\n\n\n\n<div class=\"wp-block-column is-layout-flow wp-block-column-is-layout-flow\">\n<div class=\"su-box su-box-style-default\" id=\"\" style=\"border-color:#0056bc;border-radius:15px;max-width:none\"><div class=\"su-box-title\" style=\"background-color:#2D89EF;color:#FFFFFF;border-top-left-radius:13px;border-top-right-radius:13px\"><\/div><div class=\"su-box-content su-u-clearfix su-u-trim\" style=\"border-bottom-left-radius:13px;border-bottom-right-radius:13px\">Como siempre os digo, no hay dos casos iguales y de ah\u00ed se deriva la importancia de contar con el asesoramiento de un&nbsp;abogado experto&nbsp;en extranjer\u00eda para asegurarse del cumplimiento de las formalidades, respetando los plazos marcados para conseguir que vuestros prop\u00f3sitos tengan los resultados esperados.<\/p>\n\n\n\n<p>Con la reagrupaci\u00f3n familiar se puede obtener una <strong>autorizaci\u00f3n de residencia temporal<\/strong> por \u00abreagrupaci\u00f3n familiar\u00bb, que se conceder\u00e1 a los familiares de los extranjeros residentes en Espa\u00f1a. <\/p>\n\n\n\n<p>L\u00f3gicamente, deben de cumplirse una serie de requisitos, como carecer de antecedentes penales en Espa\u00f1a o tener prohibida la entrada al pa\u00eds, entre otros.<\/p>\n\n\n\n<\/div><\/div>\n<\/div>\n<\/div>\n\n\n\n<p><br>Adem\u00e1s, deben de realizarse una serie de&nbsp;tr\u00e1mites,<strong> aportando la documentaci\u00f3n exigida<\/strong>, la cual var\u00eda en funci\u00f3n de la persona que se vaya a beneficiar. Por \u00faltimo, hay que abonar una tasa, realizando todos estos tr\u00e1mites dentro de los plazos establecidos por la ley. Vamos a ver algunos de los puntos m\u00e1s importantes<\/p>\n\n\n\n<h2 class=\"wp-block-heading has-text-align-center has-accent-color has-text-color has-link-color has-large-font-size wp-elements-c5aca5f5637ae84ca544614ca648d584\">\u00bfC\u00f3mo se regula la reagrupaci\u00f3n familiar en Espa\u00f1a?<\/h2>\n\n\n\n<p>La autorizaci\u00f3n de Residencia para extranjeros por <strong>reagrupaci\u00f3n familiar en Espa\u00f1a<\/strong> viene regulada por diversas normas y leyes, como son la Directiva 2003\/86\/CE, de 22 de septiembre, sobre el derecho a la reagrupaci\u00f3n\u00a0familiar, la Ley Org\u00e1nica 4\/2000, de 11 de enero, sobre derechos y libertades de los\u00a0extranjeros en Espa\u00f1a y su integraci\u00f3n social (art\u00edculos del 16 al 19) y el Reglamento de la Ley Org\u00e1nica 4\/2000, aprobado por Real Decreto 557\/2011, de\u00a020 de abril en sus art\u00edculos 52 al 58.<\/p>\n\n\n<div class=\"su-button-center\"><a href=\"https:\/\/infoextranjeriazaragoza.es\/index.php\/contacto\/\" class=\"su-button su-button-style-default\" style=\"color:#FFFFFF;background-color:#2D89EF;border-color:#246ec0;border-radius:11px\" target=\"_self\"><span style=\"color:#FFFFFF;padding:0px 28px;font-size:21px;line-height:42px;border-color:#6cadf4;border-radius:11px;text-shadow:none\"> Contacta con nosotros para concertar una cita<\/span><\/a><\/div>\n\n\n\n<p><\/p>\n\n\n\n<h2 class=\"wp-block-heading has-text-align-center has-accent-color has-text-color has-link-color wp-elements-f1239d720690df06bcfc88f32eba9113\">Requisitos  necesarios para la reagrupaci\u00f3n familiar en Espa\u00f1a<\/h2>\n\n\n\n<p>Son varios los requisitos que deberemos de cumplir para poder llevar a buen puerto nuestra reagrupaci\u00f3n familiar. Vamos a enumerarlos :<\/p>\n\n\n<div class=\"su-box su-box-style-default\" id=\"\" style=\"border-color:#0056bc;border-radius:15px;max-width:none\"><div class=\"su-box-title\" style=\"background-color:#2D89EF;color:#FFFFFF;border-top-left-radius:13px;border-top-right-radius:13px\"><\/div><div class=\"su-box-content su-u-clearfix su-u-trim\" style=\"border-bottom-left-radius:13px;border-bottom-right-radius:13px\">\n<div class=\"su-list\" style=\"margin-left:0px\">\n<ul>\n<li><i class=\"sui sui-star\" style=\"color:#2D89EF\"><\/i> <b>No ser ciudadano de un Estado de la Uni\u00f3n Europea<\/b>, ni del Espacio Econ\u00f3mico\u00a0Europeo ni de Suiza, o familiar de ciudadanos de estos pa\u00edses, \u00a0a los que les sea\u00a0de aplicaci\u00f3n el r\u00e9gimen de ciudadano de la Uni\u00f3n.<\/li>\n<li><i class=\"sui sui-star\" style=\"color:#2D89EF\"><\/i> No estar en situaci\u00f3n irregular en territorio espa\u00f1ol.<\/li>\n<li><i class=\"sui sui-star\" style=\"color:#2D89EF\"><\/i> <b>Carecer de antecedentes penales <\/b> en Espa\u00f1a y en los pa\u00edses en los que hubiera residido con anterioridad por delitos existentes en el ordenamiento espa\u00f1ol.\/li>\n<li><i class=\"sui sui-star\" style=\"color:#2D89EF\"><\/i> No tener prohibida la entrada en Espa\u00f1a y no figurar como rechazable en el espacio territorial de pa\u00edses con los que Espa\u00f1a tenga firmado un convenio en tal sentido.<\/li>\n<li><i class=\"sui sui-star\" style=\"color:#2D89EF\"><\/i> <b>Tener asistencia sanitaria <\/b> por estar cubierta por la Seguridad Social o tener\u00a0un seguro privado de enfermedad.<\/li>\n<li><i class=\"sui sui-star\" style=\"color:#2D89EF\"><\/i> No padecer ninguna de las enfermedades que pueden tener repercusiones de\u00a0salud p\u00fablica graves de conformidad .<\/li>\n<li><i class=\"sui sui-star\" style=\"color:#2D89EF\"><\/i> No encontrarse, en su caso, dentro del plazo de compromiso de no retorno a\u00a0Espa\u00f1a que el extranjero haya asumido al acogerse a un programa de retorno\u00a0voluntario.<\/li>\n<li><i class=\"sui sui-star\" style=\"color:#2D89EF\"><\/i> <b>Haber abonado la tasa <\/b> por tramitaci\u00f3n del procedimiento.<\/li>\n<li><i class=\"sui sui-star\" style=\"color:#2D89EF\"><\/i> Tener <b>\u00a0medios econ\u00f3micos suficientes para atender\u00a0las necesidades de la\u00a0familia <\/b>. Se podr\u00e1n \u00a0computar \u00a0los \u00a0ingresos \u00a0aportados por el c\u00f3nyuge \u00a0u otro\u00a0familiar en l\u00ednea directa y primer grado residente en Espa\u00f1a que conviva con\u00a0el reagrupante. No ser\u00e1n computables los ingresos provenientes del sistema de asistencia social. En el caso de familias formadas por dos personas (el reagrupante y el reagrupado), se exige acreditar unos ingresos equivalentes al 150 % del IPREM, lo que en este a\u00f1o supone 900 euros mensuales. Por cada integrante extra de la unidad familiar, deber\u00e1 a\u00f1adirse el 50 % del IPREM, es decir, 300 euros m\u00e1s al mes en el presente ejercicio. Cuando se trate de menores o personas representadas, esta cantidad puede ser inferior, consider\u00e1ndose suficiente disponer de ingresos estables iguales o superiores al salario m\u00ednimo interprofesional. En cualquier caso, si la unidad familiar est\u00e1 integrada por dos personas y una de ellas es menor, el requisito econ\u00f3mico ser\u00e1 del 110 % de la cuant\u00eda garantizada del Ingreso M\u00ednimo Vital en c\u00f3mputo anual. A esa cifra se a\u00f1adir\u00e1 un 10 % adicional por cada menor que se sume al n\u00facleo familiar.<\/li>\n<li><i class=\"sui sui-star\" style=\"color:#2D89EF\"><\/i> Tener una vivienda adecuada.<\/li>\n<li><i class=\"sui sui-star\" style=\"color:#2D89EF\"><\/i> El reagrupante deber\u00e1 <b> haber residido en Espa\u00f1a durante un a\u00f1o como m\u00ednimo <\/b> y\u00a0haber obtenido la autorizaci\u00f3n para residir por, al menos, otro a\u00f1o.<\/li>\n<\/ul>\n<\/div>\n<\/div><\/div>\n\n\n\n<h2 class=\"wp-block-heading has-text-align-center has-accent-color has-text-color has-link-color wp-elements-cb3c9cd1e309ca8c404fb4ac51ad47bc\">\u00bfQui\u00e9nes pueden ser reagrupados?<\/h2>\n\n\n\n<p>Varias son las personas a las que el reagrupante podr\u00e1 iniciar tr\u00e1mites con el objeto de reunirse con ellos . Estas son las diferentes casu\u00edsticas<\/p>\n\n\n\n<p><strong>C\u00f3nyuge o persona con la que el reagrupante mantenga una relaci\u00f3n de&nbsp;afectividad an\u00e1loga a la conyugal.<\/strong>&nbsp;En ning\u00fan caso podr\u00e1 ser reagrupado&nbsp;m\u00e1s de un c\u00f3nyuge o pareja. Ambas situaciones ( matrimonio y an\u00e1loga relaci\u00f3n de afectividad) son incompatibles. En el supuesto de estar casado o ser pareja&nbsp;por segunda o posterior vez, se deber\u00e1 acreditar la disoluci\u00f3n y la situaci\u00f3n&nbsp;del anterior c\u00f3nyuge o pareja y sus familiares en cuanto a la vivienda&nbsp;com\u00fan, la pensi\u00f3n al c\u00f3nyuge o pareja y los hijos.<\/p>\n\n\n\n<p><strong>Hijos del reagrupante y del c\u00f3nyuge o pareja<\/strong>, incluidos los adoptados&nbsp;(siempre que la adopci\u00f3n produzca efectos en Espa\u00f1a), menores de&nbsp;18 a\u00f1os o discapacitados que no sean objetivamente capaces de&nbsp;proveer a sus propias necesidades debido a su estado de salud. Si es hijo&nbsp;de uno de los c\u00f3nyuges o miembros de la pareja, \u00e9ste deber\u00e1 ejercer en&nbsp;solitario la patria potestad o se le debe haber otorgado la custodia y estar&nbsp;efectivamente a su cargo<\/p>\n\n\n\n<p><strong>Representados legalmente &nbsp;por el&nbsp;reagrupante<\/strong><\/p>\n\n\n\n<p><strong>Ascendiente en primer grado del reagrupante<\/strong>&nbsp;residente de larga&nbsp;duraci\u00f3n.<\/p>\n\n\n\n<h2 class=\"wp-block-heading has-text-align-center has-accent-color has-text-color has-link-color wp-elements-cc29de9b05f943fecc204b050d6cf272\">Documentaci\u00f3n necesaria<\/h2>\n\n\n<div class=\"su-box su-box-style-default\" id=\"\" style=\"border-color:#0056bc;border-radius:15px;max-width:none\"><div class=\"su-box-title\" style=\"background-color:#2D89EF;color:#FFFFFF;border-top-left-radius:13px;border-top-right-radius:13px\"><\/div><div class=\"su-box-content su-u-clearfix su-u-trim\" style=\"border-bottom-left-radius:13px;border-bottom-right-radius:13px\">\nEn cuanto a la documentaci\u00f3n que se nos requerir\u00e1, se encuentran las siguientes :<\/p>\n<div class=\"su-list\" style=\"margin-left:0px\">\n<ul>\n<li><i class=\"sui sui-star\" style=\"color:#2D89EF\"><\/i> Solicitud con el <b> modelo oficial <\/b> , dependiendo de la situaci\u00f3n de cada persona, cumplimentado por duplicado.<\/li>\n<li><i class=\"sui sui-star\" style=\"color:#2D89EF\"><\/i> <b>Copia del pasaporte \u00a0completo <\/b>, t\u00edtulo de viaje o c\u00e9dula de inscripci\u00f3n en vigor del\u00a0reagrupante.<\/li>\n<li><i class=\"sui sui-star\" style=\"color:#2D89EF\"><\/i> Copia compulsada de la documentaci\u00f3n que acredite que cuenta con <b> empleo y\/o\u00a0recursos econ\u00f3micos suficientes <\/b> para atender las necesidades de la familia. Para\u00a0ello podr\u00e1 presentar documentos como el contrato de trabajo o la \u00faltima declaraci\u00f3n del IRPF.<\/li>\n<li><i class=\"sui sui-star\" style=\"color:#2D89EF\"><\/i> Acreditar que se dispone de una <b>vivienda adecuada <\/b><\/li>\n<li><i class=\"sui sui-star\" style=\"color:#2D89EF\"><\/i> <b>Copia del pasaporte completo <\/b> y en vigor o del t\u00edtulo de viaje de la persona a la que queremos reagrupar.<\/li>\n<li><i class=\"sui sui-star\" style=\"color:#2D89EF\"><\/i> Copia de la documentaci\u00f3n acreditativa de los <b> v\u00ednculos familiares<\/b> o de parentesco o existencia de la uni\u00f3n de hecho o de la representaci\u00f3n, y adem\u00e1s tenemos que saber, que en funci\u00f3n de que vayamos a solicitar la reagrupaci\u00f3n de hijos, pareja&#8230;, se nos solicitar\u00e1n diversos tipos de documentaci\u00f3n.<\/li>\n<\/ul>\n<\/div>\n<\/div><\/div>\n\n\n\n<h3 class=\"wp-block-heading has-text-align-center has-accent-color has-text-color has-link-color wp-elements-ba319bc7b475cf84582a316fcb77e614\">Para c\u00f3nyuge o pareja<\/h3>\n\n\n\n<p>Declaraci\u00f3n jurada del reagrupante en la que conste que no convive en Espa\u00f1a con otro c\u00f3nyuge o pareja.<\/p>\n\n\n\n<p>En caso de matrimonios posteriores (segundas o ulteriores nupcias), deber\u00e1 presentarse la resoluci\u00f3n judicial que regule la situaci\u00f3n del c\u00f3nyuge anterior y de los hijos en com\u00fan.<\/p>\n\n\n\n<h3 class=\"wp-block-heading has-text-align-center has-accent-color has-text-color has-link-color wp-elements-4b768aaca99449c7d71321da1ca61494\">Hijos<\/h3>\n\n\n\n<p>Si solo uno de los progenitores solicita la reagrupaci\u00f3n: documento que acredite que ejerce en exclusiva la patria potestad, que dispone de la custodia, o bien que cuenta con la autorizaci\u00f3n expresa del otro progenitor para la residencia del menor en Espa\u00f1a. Para hijos mayores de 18 a\u00f1os que no puedan mantenerse por s\u00ed mismos: certificado que lo justifique. En el caso de hijos adoptivos: resoluci\u00f3n que confirme la adopci\u00f3n.<\/p>\n\n\n\n<h3 class=\"wp-block-heading has-text-align-center has-accent-color has-text-color has-link-color wp-elements-627a72ea4e40c76debf7dd68288ef49d\">Representados del reagrupante<\/h3>\n\n\n\n<p>Si son mayores de 18 a\u00f1os y no tienen capacidad objetiva para cubrir sus necesidades: documentaci\u00f3n que lo acredite.<\/p>\n\n\n\n<h3 class=\"wp-block-heading has-text-align-center has-accent-color has-text-color has-link-color wp-elements-677bc6a3265a07776d5baa2d7a62cc8a\">Ascendientes<\/h3>\n\n\n\n<p>Prueba documental de que, durante el \u00faltimo a\u00f1o de residencia en Espa\u00f1a, el reagrupante ha enviado fondos o asumido gastos del ascendiente. Documentaci\u00f3n que justifique la necesidad de autorizar su residencia en Espa\u00f1a. En su caso, documentos que acrediten la existencia de razones humanitarias que respalden la solicitud.<\/p>\n\n\n\n<p>Una vez que presentemos nuestra solicitud, <strong>la Oficina de extranjer\u00eda tiene un plazo de 45 d\u00edas para contestarnos.<\/strong> Si pasado ese plazo no hubi\u00e9semos recibido respuesta, se entiende que ha sido desestimada por silencio administrativo.<\/p>\n\n\n\n<h2 class=\"wp-block-heading has-text-align-center has-accent-color has-text-color has-link-color wp-elements-4d8949a310ca91fa109c8ac60e8de32b\">Concesi\u00f3n de la reagrupaci\u00f3n<\/h2>\n\n\n\n<p>Para el caso de que nos concedieran la reagrupaci\u00f3n familiar, la persona reagrupada dispone de un plazo de dos meses para acudir al Consulado de Espa\u00f1a que le corresponda y solicitar el visado de reagrupaci\u00f3n familiar. Para ello deber\u00e1 llevar el pasaporte o t\u00edtulo de viaje con vigencia de 4 meses, certificado m\u00e9dico, certificado de antecedentes penales para mayores de edad y documentaci\u00f3n que acredite la dependencia legal.<\/p>\n\n\n\n<h2 class=\"wp-block-heading has-text-align-center has-accent-color has-text-color has-link-color wp-elements-f9dbe0bfd6a6f914ce000c2fcc5967ff\">Solicitud de visado por reagrupaci\u00f3n familiar<\/h2>\n\n\n\n<h3 class=\"wp-block-heading has-text-align-center has-accent-color has-text-color has-link-color wp-elements-174babde6646fe0ae7f5a766141090d7\">Documentaci\u00f3n necesaria para el visado<\/h3>\n\n\n<div class=\"su-box su-box-style-default\" id=\"\" style=\"border-color:#0056bc;border-radius:15px;max-width:none\"><div class=\"su-box-title\" style=\"background-color:#2D89EF;color:#FFFFFF;border-top-left-radius:13px;border-top-right-radius:13px\"><\/div><div class=\"su-box-content su-u-clearfix su-u-trim\" style=\"border-bottom-left-radius:13px;border-bottom-right-radius:13px\">\nPara solicitar un <b> visado de reagrupaci\u00f3n familiar <\/b>, el interesado deber\u00e1 presentar:<br \/>\n<div class=\"su-list\" style=\"margin-left:0px\">\n<ul>\n<li><i class=\"sui sui-star\" style=\"color:#2D89EF\"><\/i> Pasaporte ordinario o t\u00edtulo de viaje reconocido en Espa\u00f1a, con una validez m\u00ednima de cuatro meses.<\/li>\n<li><i class=\"sui sui-star\" style=\"color:#2D89EF\"><\/i> Certificado de antecedentes penales para los mayores de edad penal, expedido por las autoridades del pa\u00eds de origen o de los pa\u00edses en los que haya residido durante los \u00faltimos cinco a\u00f1os.<\/li>\n<li><i class=\"sui sui-star\" style=\"color:#2D89EF\"><\/i> Certificado m\u00e9dico<\/li>\n<li><i class=\"sui sui-star\" style=\"color:#2D89EF\"><\/i> Documentos originales que acrediten los v\u00ednculos familiares y, cuando corresponda, la dependencia legal.<\/li>\n<\/ul>\n<\/div>\nLa misi\u00f3n diplom\u00e1tica u oficina consular resolver\u00e1 la solicitud en un plazo m\u00e1ximo de dos meses. Si el visado es concedido, deber\u00e1 recogerse personalmente dentro de los dos meses siguientes a la notificaci\u00f3n (en el caso de menores, podr\u00e1 hacerlo su representante).<\/p>\n<p>Una vez retirado el visado, el reagrupado deber\u00e1 entrar en Espa\u00f1a dentro del periodo de validez del mismo, que no podr\u00e1 ser superior a tres meses.<br \/>\n<\/div><\/div>\n\n\n\n<p><\/p>\n\n\n\n<h2 class=\"wp-block-heading has-text-align-center has-accent-color has-text-color has-link-color wp-elements-1bd4239d6adf18176f51a382a2da02c4\">Solicitud de la Tarjeta de Identidad de Extranjero TIE<\/h2>\n\n\n<div class=\"su-box su-box-style-default\" id=\"\" style=\"border-color:#0056bc;border-radius:15px;max-width:none\"><div class=\"su-box-title\" style=\"background-color:#2D89EF;color:#FFFFFF;border-top-left-radius:13px;border-top-right-radius:13px\"><\/div><div class=\"su-box-content su-u-clearfix su-u-trim\" style=\"border-bottom-left-radius:13px;border-bottom-right-radius:13px\">\nTras la entrada en Espa\u00f1a, <b> el reagrupado cuenta con un plazo de un mes para solicitar personalmente la Tarjeta de Identidad de Extranjero <\/b>, En el caso de menores, el tr\u00e1mite lo realiza su representante legal, que deber\u00e1 acudir acompa\u00f1ado del menor.<\/p>\n<p>Para expedir la tarjeta f\u00edsica se requiere:<br \/>\n<div class=\"su-list\" style=\"margin-left:0px\">\n<ul>\n<li><i class=\"sui sui-star\" style=\"color:#2D89EF\"><\/i> Solicitud en el modelo oficial EX\u201317.<\/li>\n<li><i class=\"sui sui-star\" style=\"color:#2D89EF\"><\/i> Justificante del pago de la tasa 790, c\u00f3digo 012.<\/li>\n<li><i class=\"sui sui-star\" style=\"color:#2D89EF\"><\/i> Pasaporte o t\u00edtulo de viaje v\u00e1lido en Espa\u00f1a con vigencia m\u00ednima de cuatro meses.<\/li>\n<li><i class=\"sui sui-star\" style=\"color:#2D89EF\"><\/i> Certificado de antecedentes penales para mayores de edad penal.<\/li>\n<li><i class=\"sui sui-star\" style=\"color:#2D89EF\"><\/i> Certificado m\u00e9dico.<\/li>\n<li><i class=\"sui sui-star\" style=\"color:#2D89EF\"><\/i> Documentos originales que acrediten el v\u00ednculo familiar y, si procede, la dependencia legal.<\/li>\n<\/ul>\n<\/div>\nEste tr\u00e1mite exige cita previa en la Comisar\u00eda de Polic\u00eda correspondiente. All\u00ed se entrega la documentaci\u00f3n, se toman las huellas dactilares y se entrega un resguardo con el que, transcurrido aproximadamente un mes, podr\u00e1 recogerse la tarjeta definitiva.<\/p>\n<\/div><\/div>\n\n\n\n<p><\/p>\n\n\n\n<h2 class=\"wp-block-heading has-text-align-center has-accent-color has-text-color has-link-color wp-elements-0dce9e9987b5f948a0c2c39a06a7184b\">Trabajo con la tarjeta de reagrupaci\u00f3n familiar<\/h2>\n\n\n\n<p>La autorizaci\u00f3n de residencia concedida por reagrupaci\u00f3n familiar permite a los c\u00f3nyuges, parejas e hijos en edad laboral trabajar en Espa\u00f1a, tanto por cuenta ajena como por cuenta propia, sin necesidad de realizar gestiones adicionales. La vigencia de esta autorizaci\u00f3n coincide con la del permiso del reagrupante en el momento de la entrada del familiar en Espa\u00f1a.<\/p>\n\n\n\n<h2 class=\"wp-block-heading has-text-align-center has-accent-color has-text-color has-link-color wp-elements-7fb07bab6771eb07ce62a78a4612e670\">Renovaci\u00f3n de la tarjeta<\/h2>\n\n\n<div class=\"su-box su-box-style-default\" id=\"\" style=\"border-color:#0056bc;border-radius:15px;max-width:none\"><div class=\"su-box-title\" style=\"background-color:#2D89EF;color:#FFFFFF;border-top-left-radius:13px;border-top-right-radius:13px\">Carta de invitaci\u00f3n<\/div><div class=\"su-box-content su-u-clearfix su-u-trim\" style=\"border-bottom-left-radius:13px;border-bottom-right-radius:13px\">al que otros permisos de residencia y trabajo, <b>la tarjeta por reagrupaci\u00f3n familiar <\/b> debe renovarse cuando se acerque su fecha de caducidad.<\/p>\n<p>La renovaci\u00f3n puede solicitarse:<\/p>\n<p>Dentro de los 60 d\u00edas anteriores a la fecha de caducidad de la tarjeta.<\/p>\n<p>Dentro de los 90 d\u00edas posteriores a la caducidad, aunque en este \u00faltimo caso puede imponerse una sanci\u00f3n econ\u00f3mica por la presentaci\u00f3n fuera de plazo.<\/p>\n<p>En nuestro despacho, somos <b>abogados especialistas en derecho de extranjer\u00eda <\/b> y te acompa\u00f1amos durante todo el proceso, respondiendo a todas tus preguntas y ayud\u00e1ndote con los tr\u00e1mites para obtener la\u00a0reagrupaci\u00f3n familiar en Espa\u00f1a\u00a0para tu familiar.<\/p>\n<p>Como t\u00fa, <b>somos extranjeros residiendo en Espa\u00f1a<\/b>, con tus mismos problemas, ilusiones y necesidades. Pide ya tu cita en el 606 012 096, en\u00a0alinasasu@reicaz.com, o pinchando en nuestro formulario de contacto.<\/div><\/div>\n\n\n\n<p><\/p>\n\n\n<div class=\"su-button-center\"><a href=\"https:\/\/infoextranjeriazaragoza.es\/index.php\/contacto\/\" class=\"su-button su-button-style-default\" style=\"color:#FFFFFF;background-color:#2D89EF;border-color:#246ec0;border-radius:11px\" target=\"_self\"><span style=\"color:#FFFFFF;padding:0px 28px;font-size:21px;line-height:42px;border-color:#6cadf4;border-radius:11px;text-shadow:none\"> Quiero solicitar una cita con vosotros<\/span><\/a><\/div>\n\n\n\n<h2 class=\"wp-block-heading has-accent-color has-text-color has-link-color wp-elements-b0d263db159d2b52bd0923b1aebd313d\">Reagrupaci\u00f3n de familiar comunitario en Espa\u00f1a<\/h2>\n\n\n\n<p>Este proceso aplica cuando el \u00abreagrupante\u00bb es un ciudadano <strong>espa\u00f1ol<\/strong> o de un pa\u00eds de la <strong>Uni\u00f3n Europea, EEE o Suiza<\/strong>.<\/p>\n\n\n\n<h3 class=\"wp-block-heading has-accent-color has-text-color has-link-color wp-elements-ac020d2a95b59d9b266c08dc5fc6f6e3\">\u00bfQui\u00e9nes pueden ser reagrupados?<\/h3>\n\n\n\n<p>La <strong>reagrupaci\u00f3n familiar en r\u00e9gimen comunitario<\/strong> (o tarjeta de familiar de ciudadano de la UE) es uno de los tr\u00e1mites m\u00e1s solicitados en Espa\u00f1a debido a las ventajas que ofrece frente al r\u00e9gimen general.<\/p>\n\n\n\n<p>Aqu\u00ed tienes un resumen clave para entender qui\u00e9nes pueden venir, qu\u00e9 necesitas y en qu\u00e9 se diferencia de otros procesos.<\/p>\n\n\n\n<p>A diferencia del r\u00e9gimen general, el comunitario es m\u00e1s amplio:<\/p>\n\n\n<div class=\"su-box su-box-style-default\" id=\"\" style=\"border-color:#0056bc;border-radius:15px;max-width:none\"><div class=\"su-box-title\" style=\"background-color:#2D89EF;color:#FFFFFF;border-top-left-radius:13px;border-top-right-radius:13px\">Reagrupaci\u00f3n de comunitarios<\/div><div class=\"su-box-content su-u-clearfix su-u-trim\" style=\"border-bottom-left-radius:13px;border-bottom-right-radius:13px\">\n<div class=\"su-list\" style=\"margin-left:0px\">\n<ul>\n<li><i class=\"sui sui-star\" style=\"color:#2D89EF\"><\/i> <b>C\u00f3nyuge o pareja de hecho<\/b>: Inscrita en registro p\u00fablico o con convivencia probada.<\/li>\n<li><i class=\"sui sui-star\" style=\"color:#2D89EF\"><\/i> <b>Hijos<\/b>: Menores de 21 a\u00f1os (en el r\u00e9gimen general el l\u00edmite suele ser 18). Tambi\u00e9n hijos mayores de 21 que vivan \u00aba cargo\u00bb.<\/li>\n<li><i class=\"sui sui-star\" style=\"color:#2D89EF\"><\/i> <b>Ascendientes (padres\/suegros)<\/b>: Sin l\u00edmite de edad, siempre que se demuestre que viven a cargo del ciudadano comunitario (con el nuevo reglamento de 2025, si tienen 80 a\u00f1os o m\u00e1s, el tr\u00e1mite es m\u00e1s sencillo).<\/li>\n<li><i class=\"sui sui-star\" style=\"color:#2D89EF\"><\/i> <b>Familia Extensa<\/b>: Hermanos, sobrinos o nietos, bajo condiciones espec\u00edficas de dependencia econ\u00f3mica o salud.<\/li>\n<\/ul>\n<\/div>\n<\/div><\/div>\n\n\n\n<h3 class=\"wp-block-heading has-accent-color has-text-color has-link-color wp-elements-27da7a2f60dbaed0046d112481963dbe\">Requisitos<\/h3>\n\n\n<div class=\"su-box su-box-style-default\" id=\"\" style=\"border-color:#0056bc;border-radius:15px;max-width:none\"><div class=\"su-box-title\" style=\"background-color:#2D89EF;color:#FFFFFF;border-top-left-radius:13px;border-top-right-radius:13px\">Requisitos para la reagrupaci\u00f3n de familiar de comunitario<\/div><div class=\"su-box-content su-u-clearfix su-u-trim\" style=\"border-bottom-left-radius:13px;border-bottom-right-radius:13px\">\n<div class=\"su-list\" style=\"margin-left:0px\">\n<ul>\n<li><i class=\"sui sui-star\" style=\"color:#2D89EF\"><\/i> <b>V\u00ednculo familiar<\/b>: Certificados de matrimonio, nacimiento o registro de pareja (apostillados\/legalizados).<\/li>\n<li><i class=\"sui sui-star\" style=\"color:#2D89EF\"><\/i> <b>Medios econ\u00f3micos<\/b>: El ciudadano comunitario debe trabajar (cuenta ajena o propia) o demostrar fondos suficientes y un seguro m\u00e9dico privado si no trabaja.<\/li>\n<li><i class=\"sui sui-star\" style=\"color:#2D89EF\"><\/i> <b>Vivir \u00aba cargo\u00bb<\/b>: Para hijos mayores de 21 y ascendientes, hay que probar que dependen econ\u00f3micamente del reagrupante (normalmente mediante env\u00edos de dinero constantes).<\/li>\n<li><i class=\"sui sui-star\" style=\"color:#2D89EF\"><\/i> <b>Familia Extensa<\/b>: Hermanos, sobrinos o nietos, bajo condiciones espec\u00edficas de dependencia econ\u00f3mica o salud.<\/li>\n<\/ul>\n<\/div>\n<\/div><\/div>\n\n\n\n<p><strong>IMPORTANTE<\/strong> <strong>2025<\/strong> : Tras las \u00faltimas actualizaciones del reglamento, los familiares de espa\u00f1oles ahora suelen tramitar el <strong>Arraigo Familiar<\/strong> si ya est\u00e1n en Espa\u00f1a, o la <strong>Tarjeta de Familiar de Ciudadano de la Uni\u00f3n<\/strong> si el reagrupante es de otro pa\u00eds de la UE o si el familiar viene desde el exterior.<\/p>\n\n\n<div class=\"su-button-center\"><a href=\"https:\/\/infoextranjeriazaragoza.es\/index.php\/contacto\/\" class=\"su-button su-button-style-default\" style=\"color:#FFFFFF;background-color:#2D89EF;border-color:#246ec0;border-radius:11px\" target=\"_blank\" rel=\"noopener noreferrer\"><span style=\"color:#FFFFFF;padding:0px 28px;font-size:21px;line-height:42px;border-color:#6cadf4;border-radius:11px;text-shadow:none\"> Quiero que me ayuden con los tr\u00e1mites para la reagrupaci\u00f3n familiar en Espa\u00f1a<\/span><\/a><\/div>\n","protected":false},"excerpt":{"rendered":"<p>Reagrupaci\u00f3n familiar Permiso de residencia para nuestros hijos Al dar el paso de dejar tu pa\u00eds, siempre pensaste en volver a reunirte con tu familia. Ha llegado el momento de solicitar tu reagrupaci\u00f3n familiar. Dependiendo de tu situaci\u00f3n podr\u00e1s solicitar la reagrupaci\u00f3n familiar para el c\u00f3nyuge, hijos, padres o pareja. Las principales preguntas que nos &#8230; <a title=\"Reagrupaci\u00f3n\" class=\"read-more\" href=\"https:\/\/infoextranjeriazaragoza.es\/index.php\/reagrupacion\/\" aria-label=\"Leer m\u00e1s sobre Reagrupaci\u00f3n\">Leer m\u00e1s<\/a><\/p>\n","protected":false},"author":1,"featured_media":0,"parent":0,"menu_order":0,"comment_status":"closed","ping_status":"closed","template":"","meta":{"footnotes":""},"class_list":["post-45","page","type-page","status-publish"],"_links":{"self":[{"href":"https:\/\/infoextranjeriazaragoza.es\/index.php\/wp-json\/wp\/v2\/pages\/45","targetHints":{"allow":["GET"]}}],"collection":[{"href":"https:\/\/infoextranjeriazaragoza.es\/index.php\/wp-json\/wp\/v2\/pages"}],"about":[{"href":"https:\/\/infoextranjeriazaragoza.es\/index.php\/wp-json\/wp\/v2\/types\/page"}],"author":[{"embeddable":true,"href":"https:\/\/infoextranjeriazaragoza.es\/index.php\/wp-json\/wp\/v2\/users\/1"}],"replies":[{"embeddable":true,"href":"https:\/\/infoextranjeriazaragoza.es\/index.php\/wp-json\/wp\/v2\/comments?post=45"}],"version-history":[{"count":13,"href":"https:\/\/infoextranjeriazaragoza.es\/index.php\/wp-json\/wp\/v2\/pages\/45\/revisions"}],"predecessor-version":[{"id":582,"href":"https:\/\/infoextranjeriazaragoza.es\/index.php\/wp-json\/wp\/v2\/pages\/45\/revisions\/582"}],"wp:attachment":[{"href":"https:\/\/infoextranjeriazaragoza.es\/index.php\/wp-json\/wp\/v2\/media?parent=45"}],"curies":[{"name":"wp","href":"https:\/\/api.w.org\/{rel}","templated":true}]}}