{"id":51,"date":"2025-01-09T07:20:53","date_gmt":"2025-01-09T07:20:53","guid":{"rendered":"https:\/\/infoextranjeriazaragoza.es\/?page_id=51"},"modified":"2025-09-28T11:16:04","modified_gmt":"2025-09-28T11:16:04","slug":"rezidenta","status":"publish","type":"page","link":"https:\/\/infoextranjeriazaragoza.es\/index.php\/rezidenta\/","title":{"rendered":"Reziden\u021ba"},"content":{"rendered":"\n<h1 class=\"wp-block-heading has-text-align-center has-accent-color has-text-color has-link-color wp-elements-8220a47906993c574b64bee40a4ef38a\">Reziden\u021ba \u00een Spania<\/h1>\n\n\n\n<h2 class=\"wp-block-heading has-text-align-center has-accent-color has-text-color has-link-color has-medium-font-size wp-elements-b7bddfa0240690058cad7a4ad9dbf55c\">\u00cenregistrarea \u00een Registrul Central al Cet\u0103\u021benilor Str\u0103ini<\/h2>\n\n\n\n<p>\u00cen primele trei luni de \u0219edere pe teritoriul Spaniei, nu ave\u021bi nevoie de a solicita un document care s\u0103 confirme faptul c\u0103 ave\u021bi dreptul de a locui pe teritoriul acestei t\u0103ri.&nbsp;Dup\u0103 expirarea celor trei luni, dac\u0103 dori\u021bi s\u0103 v\u0103 stabili\u021bi re\u0219edin\u021ba aici trebuie s\u0103 solicta\u021bi&nbsp;\u00eenregistrarea \u00een<strong> Registrul Central al Cet\u0103\u021benilor Str\u0103ini.<\/strong><\/p>\n\n\n\n<p>Pentru a intra \u00een posesia acestui certificat trebuie \u00eendeplinite, printre altele,urm\u0103toarele condi\u021bii:<\/p>\n\n\n\n<div class=\"wp-block-columns is-layout-flex wp-container-core-columns-is-layout-9d6595d7 wp-block-columns-is-layout-flex\">\n<div class=\"wp-block-column is-layout-flow wp-block-column-is-layout-flow\">\n<figure class=\"wp-block-image size-full\"><img loading=\"lazy\" decoding=\"async\" width=\"640\" height=\"512\" src=\"https:\/\/infoextranjeriazaragoza.es\/wp-content\/uploads\/2025\/01\/pareja-feliz.jpg\" alt=\"Pareja\" class=\"wp-image-111\" srcset=\"https:\/\/infoextranjeriazaragoza.es\/wp-content\/uploads\/2025\/01\/pareja-feliz.jpg 640w, https:\/\/infoextranjeriazaragoza.es\/wp-content\/uploads\/2025\/01\/pareja-feliz-300x240.jpg 300w\" sizes=\"auto, (max-width: 640px) 100vw, 640px\" \/><\/figure>\n<\/div>\n\n\n\n<div class=\"wp-block-column is-layout-flow wp-block-column-is-layout-flow\"><div class=\"su-box su-box-style-default\" id=\"\" style=\"border-color:#0056bc;border-radius:15px;max-width:none\"><div class=\"su-box-title\" style=\"background-color:#2D89EF;color:#FFFFFF;border-top-left-radius:13px;border-top-right-radius:13px\"><\/div><div class=\"su-box-content su-u-clearfix su-u-trim\" style=\"border-bottom-left-radius:13px;border-bottom-right-radius:13px\"><div class=\"su-list\" style=\"margin-left:0px\">\n<ul>\n<li><i class=\"sui sui-star\" style=\"color:#2D89EF\"><\/i> s\u0103 lucreze pentru un angajator sau pe cont propriu \u00een Spania.<\/li>\n<li><i class=\"sui sui-star\" style=\"color:#2D89EF\"><\/i> s\u0103 fac\u0103 dovada c\u0103 dispun de resurse materiale suficiente pentru ei \u0219i pentru membrii familiei.<\/li>\n<li><i class=\"sui sui-star\" style=\"color:#2D89EF\"><\/i> este membru de familie sau \u00eenso\u021be\u0219te un cet\u0103\u021bean de la Uniunea European\u0103 sa  al altui stat care formeaz\u0103 parte din Acordul privind Spatiul Economic European sau se va reuni cu el, etc.<br \/>\nOdat\u0103 cu solicitarea de \u00eenscriere se va prezenta pa\u0219aportul sau documentul na\u021bional de identitate, asa cum toate documente care sa acrediteze c\u0103 sunt \u00eendeplinite toate condi\u021biile necesare pentru \u00eenscriere.<br \/>\n<b>Membrii de familie ai cet\u0103\u021beanului european <\/b> care solicit\u0103 stabilirea re\u0219edin\u021bei \u00een Spania, trebuie s\u0103 demonstreze, printe altele, c\u0103:<\/li>\n<li><i class=\"sui sui-star\" style=\"color:#2D89EF\"><\/i> \u00eenso\u021besc ceta\u021beanul rezident sau re\u00eentregesc familia;<\/li>\n<li><i class=\"sui sui-star\" style=\"color:#2D89EF\"><\/i> este fiu\/fiica al\/a cet\u0103\u021beanului rezident sau al\/a so\u021bului\/so\u021biei acestuia;<\/li>\n<li><i class=\"sui sui-star\" style=\"color:#2D89EF\"><\/i> este p\u0103rinte al cet\u0103\u021beanului rezident \u0219i ca dispune de mijloace proprii de intre\u021binere, etc.<\/li>\n<\/ul>\n<\/div>\n<\/div><\/div>\n<\/div>\n<\/div>\n\n\n\n<p><\/p>\n\n\n\n<p>In acest caz, certificatul de rezident\u0103 are o valabilitate de 5 ani de la eliberare.<\/p>\n\n\n\n<p><strong>Certificatul&nbsp;NIE&nbsp;nu expir\u0103<\/strong>. Principala cauza de denegare a solicit\u0103rii este lipsa documentelor care trebuie prezentate. Cu ajutorul unui&nbsp;avocat evita\u021bi denegarea solicit\u0103rii dumneavoastr\u0103.<\/p>\n\n\n<div class=\"su-button-center\"><a href=\"https:\/\/infoextranjeriazaragoza.es\/index.php\/contacto\/\" class=\"su-button su-button-style-default\" style=\"color:#FFFFFF;background-color:#2D89EF;border-color:#246ec0;border-radius:11px\" target=\"_self\"><span style=\"color:#FFFFFF;padding:0px 28px;font-size:21px;line-height:42px;border-color:#6cadf4;border-radius:11px;text-shadow:none\"> Completa\u021bi formularul pentru a contacta cu noi.<\/span><\/a><\/div>\n","protected":false},"excerpt":{"rendered":"<p>Reziden\u021ba \u00een Spania \u00cenregistrarea \u00een Registrul Central al Cet\u0103\u021benilor Str\u0103ini \u00cen primele trei luni de \u0219edere pe teritoriul Spaniei, nu ave\u021bi nevoie de a solicita un document care s\u0103 confirme faptul c\u0103 ave\u021bi dreptul de a locui pe teritoriul acestei t\u0103ri.&nbsp;Dup\u0103 expirarea celor trei luni, dac\u0103 dori\u021bi s\u0103 v\u0103 stabili\u021bi re\u0219edin\u021ba aici trebuie s\u0103 solicta\u021bi&nbsp;\u00eenregistrarea &#8230; <a title=\"Reziden\u021ba\" class=\"read-more\" href=\"https:\/\/infoextranjeriazaragoza.es\/index.php\/rezidenta\/\" aria-label=\"Leer m\u00e1s sobre Reziden\u021ba\">Leer m\u00e1s<\/a><\/p>\n","protected":false},"author":1,"featured_media":0,"parent":0,"menu_order":0,"comment_status":"closed","ping_status":"closed","template":"","meta":{"footnotes":""},"class_list":["post-51","page","type-page","status-publish"],"_links":{"self":[{"href":"https:\/\/infoextranjeriazaragoza.es\/index.php\/wp-json\/wp\/v2\/pages\/51","targetHints":{"allow":["GET"]}}],"collection":[{"href":"https:\/\/infoextranjeriazaragoza.es\/index.php\/wp-json\/wp\/v2\/pages"}],"about":[{"href":"https:\/\/infoextranjeriazaragoza.es\/index.php\/wp-json\/wp\/v2\/types\/page"}],"author":[{"embeddable":true,"href":"https:\/\/infoextranjeriazaragoza.es\/index.php\/wp-json\/wp\/v2\/users\/1"}],"replies":[{"embeddable":true,"href":"https:\/\/infoextranjeriazaragoza.es\/index.php\/wp-json\/wp\/v2\/comments?post=51"}],"version-history":[{"count":5,"href":"https:\/\/infoextranjeriazaragoza.es\/index.php\/wp-json\/wp\/v2\/pages\/51\/revisions"}],"predecessor-version":[{"id":538,"href":"https:\/\/infoextranjeriazaragoza.es\/index.php\/wp-json\/wp\/v2\/pages\/51\/revisions\/538"}],"wp:attachment":[{"href":"https:\/\/infoextranjeriazaragoza.es\/index.php\/wp-json\/wp\/v2\/media?parent=51"}],"curies":[{"name":"wp","href":"https:\/\/api.w.org\/{rel}","templated":true}]}}